{"id":2,"date":"2016-01-23T18:39:24","date_gmt":"2016-01-23T17:39:24","guid":{"rendered":"http:\/\/www.scarlett-o.de\/sinneswandel\/?page_id=2"},"modified":"2026-01-21T14:00:49","modified_gmt":"2026-01-21T13:00:49","slug":"start","status":"publish","type":"page","link":"https:\/\/www.scarlett-o.de\/sinneswandel\/","title":{"rendered":"SINNESWANDEL"},"content":{"rendered":"\n<p>Liebenhof 12<br \/>15345 Garzau-Garzin OT Liebenhof<\/p>\n<p><em>Die B\u00fchnen &#8211; mittlerweile drei &#8211; des SINNESWANDELs sind\u00a0 keine &#8222;normalen&#8220; B\u00fchnen. Sie befinden sich nicht in \u00f6ffentlichen H\u00e4usern, sondern in unserem ZUHAUSE. Wir bekommen keine F\u00f6rderung aus \u00f6ffentlichen Geldern, sondern organisieren und gestalten alles selbst in unserer sogenannten Freizeit. Bei der Umsetzung unserer Ideen und der Durchf\u00fchrung der Konzerte helfen uns gute Freunde, die inzwischen zu einer verschworenen SINNESWANDEL-Familie geworden sind, und ohne die das alles nicht funktionieren w\u00fcrde. Hei\u00dfen Dank euch! <\/em><br \/><em>Auch das Buchen der K\u00fcnstler, die Gestaltung unserer Spielpl\u00e4ne sind besonders. Wir &#8222;kaufen&#8220; nicht, wie sonst \u00fcblich, Musiker nach Angebot ein oder weil sie grad so ber\u00fchmt sind, da\u00df sie m\u00fchelos die H\u00e4user f\u00fcllen, sonders bei uns spielen ausschlie\u00dflich WEGGEF\u00c4HRTEN. <\/em><br \/><em>Wir haben beide in unseren langen Musikerjahren mit sehr vielen Kollegen gearbeitet, auf B\u00fchnen, bei gemeinsamen Projekten, im Studio &#8211; mit WEGGEF\u00c4HRTEN eben. Und die laden wir uns ein. <\/em><br \/><em>Und &#8211; schon Tradition &#8211; das gemeinsame Musizieren jeweils bei zwei, drei Songs am Abend ist dann nat\u00fcrlich auch ganz einfach und selbstverst\u00e4ndlich. <\/em><\/p>\n<p><em>Scarlett &amp; J\u00fcrgen<\/em><\/p>\n<p>****************************<\/p>\n<p>November 2025:<\/p>\n<p><strong>10 Jahre Hausschuh-Konzerte<\/strong><\/p>\n<p>Im November 2015 haben wir unser erstes HAUSSCHUH-KONZERT veranstaltet. <br \/>Wir feiern in dieser Winter-Saison<strong> den 10. Geburtstag der HAUSSCHUH-B\u00dcHNE<\/strong> im SINNESWANDEL und freuen uns auf viele Geburtstagsg\u00e4ste!<\/p>\n<p>Dezember 2024:<\/p>\n<p>Das Ergebnis unserer Spendensammlung bei den diesj\u00e4hrigen Konzerten:<\/p>\n<p>1.900,- \u20ac, die wir an den Verein CRECOCO \u00fcberweisen konnten. DANK an alle, die geholfen haben.<\/p>\n<p>BENEFIZ 2024<\/p>\n<p>In diesem Jahr werden wir aus famili\u00e4ren Gr\u00fcnden kein Benefiz-Konzert am ersten August-Wochenende veranstalten. Trotzdem werden wir benefizen und zwar die gesamte Sommersaison \u00fcber: Wir sammeln &#8211; bereits seit Beginn der Hausschuh-Konzert-Saison 2023\/24\u00a0 &#8211; f\u00fcr ein besonderes Herzenprojekt:<\/p>\n<p>Unsere Kollegin und Freundin Monika Herold (Kontra- und E-Bass, Keyboard) aus Weimar hat den Verein CRECOCO (CREATIVE CONNECTION FOR COMMUNITIES E.V.) gegr\u00fcndet, der in Kibera, einem der gr\u00f6\u00dften Slums der Welt, in Nairobi, der Hauptstadt von Kenia aktiv ist. Der Verein sorgt aus der Ferne und vor Ort f\u00fcr viele, sonst chancenlose Kinder und Jugendliche, f\u00fcr eine musikalische Ausbildung, kostenlose Musikkurse mit einer Mahlzeit, Klein-Stipendien, soziale Einbindung, Arztvisiten, Abschl\u00fcsse als Musiklehrer und und und &#8230;. \u00fcber <a href=\"http:\/\/www.crecoco.org\">www.crecoco.org<\/a> gibts viele Infos, auch wie man sich einbringen und helfen kann. <br \/>Wir werden jedenfalls w\u00e4hrend der ganzen Garten-Konzert-Saison sammeln und f\u00fcr weitere Hilfe trommeln: <br \/>F\u00fcr Applaus statt Gewalt, Kreativit\u00e4t statt Kriminalit\u00e4t, f\u00fcr Selbsterfahrung und k\u00fcnstlerischen Ausdruck statt Drogenmi\u00dfbrauch. SPENDE APPLAUS!<\/p>\n<p>\u00a0<\/p>\n<p>****************************<\/p>\n<p>August 2023<\/p>\n<p>Die Eintrittseinnahmen unseres Benefiz-Konzerts am ersten Augustwochenende in H\u00f6he von 1.700,- \u20ac haben wir je zu H\u00e4lfte f\u00fcr die <strong>Erdbebenhilfe in Syrien<\/strong> an <strong>\u00c4RZTE OHNE GRENZEN<\/strong> und <strong>WELTTIERSCHUTZGESELLSCHAFT E. V.<\/strong> \u00fcberwiesen.<\/p>\n<p>Herzlichen Dank an unser Publikum und die vielen beteiligten Musikanten!<\/p>\n<p>****************************<\/p>\n<p>M\u00e4rz 2023<\/p>\n<p>Die GARTEN-Konzerte werden am 27.05.2023 starten und dann alle 14 Tage bis zum ersten Septemberwochenende stattfinden. Wir freuen uns auf ein Wiedersehen.<\/p>\n<p>****************************<\/p>\n<p>November 2022<\/p>\n<p>Ein kleiner Nachtrag zu den Garten-Konzerten 2022:<\/p>\n<p>Es war eine sehr sch\u00f6ne Konzert-Saison. Vielen Dank an alle Beteiligten an unser wundervolles Publikum. Selbst das Wetter hat mitgespielt, alles perfekt. Auch das Ergebnis unseres UKRAINE-Benefiz-Konzerts ist super. Wir haben insgesamt 1.800,-\u20ac zusammenbekommen und je zur H\u00e4lfte an die UNICEF &#8211; Nothilfe f\u00fcr Kinder und den DEUTSCHEN TIERSCHUTZBUND E. V. f\u00fcr ihre Hilfsaktionen in der Ukraine \u00fcberwiesen.<\/p>\n<p>****************************<\/p>\n<p>Garten-Konzerte 2022<\/p>\n<p>Auf ein Neues, wir freuen uns auf einen st\u00f6rungsfreien, friedlichen Konzertsommer.<\/p>\n<p>****************************<\/p>\n<p>Januar 2022 <br \/><br \/>Verbunden mit herzlichen Gr\u00fc\u00dfen und den besten W\u00fcnschen f\u00fcr ein Gesundes Neues Jahr m\u00f6chten wir Euch von einer kleinen Premiere berichten:<\/p>\n<p>Auch wenn wir im vergangenen Jahr unser neues und eigens f\u00fcr das Brecht-Weigel-Haus in Buckow geschaffene B\u00fchnenprogramm \u201cSELBST DIE SINTFLUT \/ DAUERTE NICHT EWIG\u201d vor Ort urauff\u00fchren konnten, auch wenn wir anl\u00e4\u00dflich der Erstver\u00f6ffentlichung der dazu ebenfalls entstandenen CD dort ein weiteres Mal aufgetreten sind: die Fertigstellung des neuen Pavillons im Garten des Brecht-Weigel-Hauses und damit die regelm\u00e4\u00dfige Auff\u00fchrung des Programms lassen coronabedingt noch auf sich warten. So ist auch f\u00fcr diesen Sommer erst einmal nur ein Freilicht-Termin geplant, und wir m\u00fcssen auf gutes Wetter hoffen.<\/p>\n<p>Um dennoch m\u00f6glichst vielen Interessierten wenigstens einen Einblick in diese, unsere Arbeit geben zu k\u00f6nnen, haben wir uns dazu entschlossen, drei eigene Vertonungen aus Brechts \u201cBuckower Elegien\u201d in bewegte Bilder umzusetzen.<br \/>\u00a0<iframe loading=\"lazy\" title=\"YouTube video player\" src=\"https:\/\/www.youtube.com\/embed\/fO0PvOD0vZo\" width=\"660\" height=\"371\" frameborder=\"0\" allowfullscreen=\"allowfullscreen\"><\/iframe> <br \/>\u00a0<img data-recalc-dims=\"1\" loading=\"lazy\" decoding=\"async\" class=\"alignnone wp-image-1834 size-full\" src=\"https:\/\/i0.wp.com\/www.scarlett-o.de\/sinneswandel\/wp-content\/uploads\/2022\/01\/gvl_Bildmarke_120.jpg?resize=120%2C100&#038;ssl=1\" alt=\"\" width=\"120\" height=\"100\" vspace=\"10\" \/> \u00a0 <img data-recalc-dims=\"1\" loading=\"lazy\" decoding=\"async\" class=\"alignnone size-full wp-image-1833\" src=\"https:\/\/i0.wp.com\/www.scarlett-o.de\/sinneswandel\/wp-content\/uploads\/2022\/01\/BKM_Neustart_Kultur_120.jpg?resize=120%2C117&#038;ssl=1\" alt=\"\" width=\"120\" height=\"117\" vspace=\"10\" \/><\/p>\n<p><strong>SINNESWANDEL AUF ACHSE <\/strong>im Winter 2021\/22<\/p>\n<p>Noch erlaubt uns Corona keine HAUSSCHUH-KONZERTE in unserm Wohnzimmer in gewohnter Kuschelatmosph\u00e4re, also ist der SINNESWANDEL in diesem Winter erneut AUF ACHSE. Infos dazu unter HAUSSCHUH-KONZERTE.<\/p>\n<p>***********************************************************************<\/p>\n\n\n\n<p><strong>Sommerliche GARTEN-KONZERTE in der Saison 2021 auf neuer Freilichtb\u00fchne<br><\/strong><\/p>\n\n\n<p><em>Unser herzlichster Dank geht an die Sparkasse MOL, <\/em><em>die die nicht verwendeten Zuwendungen f\u00fcr die Winterkonzerte 2020\/21, die dem Lockdown zum Opfer gefallen waren, nicht zur\u00fcckgefordert hat. <br \/>Diese Mittel haben uns die Anschaffung eines Gro\u00dfteils des Materials f\u00fcr die neue Freilichtb\u00fchne und damit die Durchf\u00fchrung der Sommer-Konzerte erm\u00f6glicht. <br \/><\/em><\/p>\n<p>Hei\u00dfen Dank<\/p>\n<p>SCARLETT O&#8216; &amp; J\u00dcRGEN EHLE<\/p>\n<p><img data-recalc-dims=\"1\" loading=\"lazy\" decoding=\"async\" class=\"wp-image-1279 alignnone\" src=\"https:\/\/i0.wp.com\/www.scarlett-o.de\/sinneswandel\/wp-content\/uploads\/2020\/09\/SMOL_SC_I000_RW_1C_-trimmed-300x103.jpg?resize=219%2C75\" alt=\"Sparkasse M\u00e4rkisch-Oderland\" width=\"219\" height=\"75\" vspace=\"5\" srcset=\"https:\/\/i0.wp.com\/www.scarlett-o.de\/sinneswandel\/wp-content\/uploads\/2020\/09\/SMOL_SC_I000_RW_1C_-trimmed.jpg?resize=300%2C103&amp;ssl=1 300w, https:\/\/i0.wp.com\/www.scarlett-o.de\/sinneswandel\/wp-content\/uploads\/2020\/09\/SMOL_SC_I000_RW_1C_-trimmed.jpg?resize=200%2C69&amp;ssl=1 200w, https:\/\/i0.wp.com\/www.scarlett-o.de\/sinneswandel\/wp-content\/uploads\/2020\/09\/SMOL_SC_I000_RW_1C_-trimmed.jpg?resize=350%2C120&amp;ssl=1 350w, https:\/\/i0.wp.com\/www.scarlett-o.de\/sinneswandel\/wp-content\/uploads\/2020\/09\/SMOL_SC_I000_RW_1C_-trimmed.jpg?w=359&amp;ssl=1 359w\" sizes=\"auto, (max-width: 219px) 100vw, 219px\" \/><\/p>\n<p>Wir starten im Juli unsere 2021er Reihe <br \/>SINNESWANDEL KULTUR im WEG &#8211; Garten-Konzerte mit einigen Ver\u00e4nderungen, den Corona-Zeiten angepa\u00dft im Freien. Unsere neue <strong>Freilicht-Garten-B\u00fchne<\/strong> w\u00e4chst und gedeiht. <br \/>Die einzelnen Termine unter &#8222;Veranstaltungen&#8220;.<\/p>\n<p>Weiteres zu Verordnungen, Regelungen etc. immer aktualisiert unter &#8222;Garten-Konzerte&#8220;.<\/p>\n<p>Bleibt gesund und optimistisch, das Leben ist <br \/>trotzdem sch\u00f6n &#8211; und unser einziges<\/p>\n<p>Scarlett<\/p>\n<p>***********************************************************************<\/p>\n<p>2015<\/p>\n<p><strong>KULTUR\u00a0 im\u00a0WEG \/ W<\/strong>olfs<strong>E<\/strong>rwartungs<strong>G<\/strong>ebiet<strong><br \/><\/strong><\/p>\n<p>Mit allen Sinnen wandeln &#8211; durch einen gro\u00dfen wilden Garten &#8211; und genie\u00dfen &#8211; Natur, Kultur, Kunst, \u00dcberraschungen &#8230; SINNESWANDEL.<br \/>Es war damals das erste Mal, da\u00df der Begriff SINNESWANDEL ins Spiel kam &#8211; noch ein Traum in ziemlich weiter Ferne, das mit dem Wandeln und Genie\u00dfen, erst einmal hie\u00df und hei\u00dft SINNESWANDEL Arbeit, viel Arbeit, aber Arbeit, die Spa\u00df macht.<br \/>Als wir loslegten, dieses St\u00fcckchen Erde im Naturpark M\u00e4rkische Schweiz mit dem Hexenh\u00e4uschen drauf auf- und umzur\u00e4umen, zu gestalten, f\u00fcr unser Leben auszubauen, einzurichten, bekam SINNESWANDEL nach und nach neue Bedeutungen:<br \/>* die Entscheidung an sich, aus der Stadt raus &#8211; nicht gar zu weit, ca. 50 km \u00f6stlich von Berlins Zentrum &#8211; auf&#8217;s Land zu ziehen &#8211; ein Sinneswandel,<br \/>* \u00fcberhaupt und anders (nach wie vor &#8211; siehe <a href=\"http:\/\/www.scarlett-baut.de\/\" target=\"_blank\" rel=\"noopener noreferrer\">scarlett-baut.de<\/a>) zu bauen, selbst, nachhaltig, ohne Plastefenster, ohne Bauschaum, unter Verwendung von sogenannten alternativen Materialien, auch solchen, die ihr erstes Leben schon hinter sich haben und trotzdem f\u00fcr ein weiteres gut sind, Solarenergie, Pflanzenkl\u00e4ranlage, selbst ausgebuddelter Lehm etc. &#8211; ein Sinneswandel,<br \/>* nicht mehr &#8222;nur&#8220; Musiker zu sein, sondern auch Veranstalter und Gastgeber zu werden &#8211; ein Sinneswandel,<br \/>* sich irgendwann, soweit wie m\u00f6glich, vom eigenen Acker zu ern\u00e4hren &#8211; ein Sinneswandel,<br \/>* vegetarisch &#8211; vegan &#8211; kein Sinneswandel, weil schon lange selbstverst\u00e4ndlich.<\/p>\n<p>Es blieb uns gar nichts anderes \u00fcbrig als alles, was wir vorhatten und noch -haben, unter das &#8222;Dach&#8220; SINNESWANDEL zu bringen.<\/p>\n<p>Wir haben noch viel zu tun, die Ideen gehen uns nicht aus.<br \/>Das Tonstudio f\u00fcr eigene und Fremdproduktionen ist in Betrieb, es gibt HAUSSCHUH-KONZERTE auf der Wohnzimmerb\u00fchne im Winter, GARTEN-KONZERTE im Sommer &#8211; und und und &#8230;<\/p>\n<figure id=\"attachment_196\" aria-describedby=\"caption-attachment-196\" style=\"width: 265px\" class=\"wp-caption aligncenter\"><img data-recalc-dims=\"1\" loading=\"lazy\" decoding=\"async\" class=\"wp-image-196 size-full\" src=\"https:\/\/i0.wp.com\/www.scarlett-o.de\/sinneswandel\/wp-content\/uploads\/2016\/01\/IMG_1620Acut_72small.jpg?resize=265%2C242\" alt=\"Skulptur: Helmut Lattwin\" width=\"265\" height=\"242\" srcset=\"https:\/\/i0.wp.com\/www.scarlett-o.de\/sinneswandel\/wp-content\/uploads\/2016\/01\/IMG_1620Acut_72small.jpg?w=265&amp;ssl=1 265w, https:\/\/i0.wp.com\/www.scarlett-o.de\/sinneswandel\/wp-content\/uploads\/2016\/01\/IMG_1620Acut_72small.jpg?resize=200%2C183&amp;ssl=1 200w\" sizes=\"auto, (max-width: 265px) 100vw, 265px\" \/><figcaption id=\"caption-attachment-196\" class=\"wp-caption-text\">Skulptur: Helmut Lattwin<\/figcaption><\/figure>\n<p>Kunst, die perfekt zu uns pa\u00dft, ist schon eingezogen in Haus und Garten &#8211; siehe <em>Bilder<\/em>.<br \/>HELMUT LATTWIN &#8211; seine Galerie BAUERNFLUCH findet man in Rehfelde, Puschkinstr. 8f &#8211; schafft wundervolle Skulpturen aus Feldstein, einem Material, das wir alle hier t\u00e4glich im wahrsten Sinne des Wortes mit F\u00fc\u00dfen treten. Er sch\u00e4lt mit seiner Flex aber au\u00dferdem Gesichter und Figuren aus alten Pflugscharen, gebrannten Ziegeln oder zerbrochenen Marmorplatten.<\/p>\n<p>Irgendwann werden auch unsere G\u00e4stezimmer fertig sein &#8211; bis dahin:<br \/>Wer uns von weiter herkommernd hier besuchen und gleich noch die Gegend genie\u00dfen, laufen, radeln &#8211; der <em><a href=\"http:\/\/www.maerkischeschweiz.eu\/cms\/front_content.php?idart=166\" target=\"_blank\" rel=\"noopener noreferrer\">Europa-Radwanderweg R1<\/a> <\/em>f\u00fchrt direkt an unserem Haus vorbei &#8211; und ein wenig bleiben m\u00f6chte, kein Problem, siehe Links unter <em>kulturNACHBARN<\/em>.<\/p>\n<p>Ihr seid herzlich willkommen &#8211; im Internet und live &#8211; siehe <em>Veranstaltungen.\u00a0<\/em><\/p>\n<p><strong>SINNESWANDEL<\/strong><br \/>Liebenhof 12<br \/>15345 Garzau-Garzin<br \/>OT Liebenhof<br \/>0173 567 13 14<\/p>\n<p>SCARLETT O&#8216; &amp; J\u00dcRGEN EHLE<\/p>\n<p>Kleiner Nachsatz zum <strong>WolfsErwartungsGebiet<\/strong>:<\/p>\n<p>Unser Haus liegt am Rande der winzigen Siedlung Liebenhof, so winzig, da\u00df selbst die Bezeichnung Dorf gro\u00dfkotzig klingt, ist mit mehreren anderen kleinen Flecken eingemeindet, hei\u00dft nun statt Liebenhof Garzau-Garzin. Die damit verbundene aussprachetechnisch sinnliche und schreibtechnisch zeitsparende Verbesserung einzustufen, sei dem geneigten Leser \u00fcberlassen.<br \/>Unser Haus jedenfalls liegt im \u00e4u\u00dfersten Au\u00dfenbereich der Gemeinde, was sehr gut ist, wenn man seine Nachbarn nicht mit vermeidbarem L\u00e4rm, sprich Musik, bel\u00e4stigen und selbst von diesen m\u00f6glichst wenig mit, manchmal durchaus vermeidbarem L\u00e4rm, wie Rasenkantenm\u00e4herbetrieb, bel\u00e4stigt werden m\u00f6chte. Was (Au\u00dfenbereich!) allerdings bautechnisch einige \u00dcberraschungen bereit h\u00e4lt.<\/p>\n<p>Als ich das Haus von meinem Onkel \u00fcbernahm, war er schon ausgezogen, und wir wohnten noch in Berlin. In meiner grenzenlosen Naivit\u00e4t gedachte ich, je nach Finanz- und Freizeitlage, ein wenig daran herumzubauen, um dann irgendwann einziehen zu k\u00f6nnen. Ein paar Jahre, genauer gesagt, sechseinhalb Jahre sp\u00e4ter, machte mich eine Freundin darauf aufmerksam, da\u00df es in der Bundesrepublik, nat\u00fcrlich in jedem Bundesland andere, Fristen g\u00e4be, wielange ein Wohnhaus im Au\u00dfenbereich unbewohnt sein darf, um ein Wohnhaus zu bleiben. In unserer Gegend genau sieben Jahre. Danach w\u00fcrde der Wohnhausstatus verfallen, das Haus w\u00e4re bestenfalls noch als Scheune zu nutzen und w\u00fcrde, auch nicht auf Antrag und Bereitschaft zu Geb\u00fchrenzahlung, weil in besagtem Au\u00dfenbereich, nicht mehr zu einem Wohnhaus zur\u00fcckgewidmet.<br \/>Und hier kommen die W\u00f6lfe ins Spiel.<br \/>Da munkeln Stimmen, da\u00df es f\u00fcr die l\u00e4ndlichen Gegenden im Bundesland Brandenburg, also MOL betreffend eigentlich ganz und gar, den mittelfristigen Plan des Leerwohnens g\u00e4be, weil es allemal f\u00fcr die Solidargemeinschaft billiger k\u00e4me, W\u00f6lfe anzusiedeln als f\u00fcr ein paar wenige Dorfdeppen eine Infrastruktur zu erhalten. So munkeln sie, die Stimmen, und angesichts bestehender Infrastrukturen ist dem wenig zu entgegnen. &#8211; Versucht doch mal, mit \u00f6ffentlichen Verkehrsmitteln bis zu uns zu kommen, wenigstens einmal am Tag &#8230; &#8211;<br \/>Ich finde, es ist Platz genug f\u00fcr uns <em>und<\/em> die W\u00f6lfe &#8211; w\u00fcrde mich freuen, hier einen zu sehen. Wir jedenfalls wollen, mit dem, was wir k\u00f6nnen und gern tun, unseren Beitrag zur kulturellen Beatmung des l\u00e4ndlichen Lebens leisten.<br \/>Das mit dem fristgerechten Bauantrag und Einzug haben wir\u00a0 hingekriegt im <strong>WEG<\/strong>.<\/p>\n<p>Scarlett<br \/><strong> \u00a0\u00a0\u00a0\u00a0\u00a0\u00a0\u00a0\u00a0\u00a0\u00a0\u00a0\u00a0\u00a0\u00a0\u00a0\u00a0\u00a0\u00a0 SINNESWANDEL\u00a0\u00a0\u00a0\u00a0\u00a0\u00a0\u00a0\u00a0\u00a0\u00a0\u00a0\u00a0\u00a0 <\/strong><strong>KULTUR im WEG<\/strong><\/p>\n\n\n<p><\/p>\n","protected":false},"excerpt":{"rendered":"<p>Liebenhof 1215345 Garzau-Garzin OT Liebenhof Die B\u00fchnen &#8211; mittlerweile drei &#8211; des SINNESWANDELs sind\u00a0 keine &#8222;normalen&#8220; B\u00fchnen. Sie befinden sich nicht in \u00f6ffentlichen H\u00e4usern, sondern in unserem ZUHAUSE. Wir bekommen &hellip; <a href=\"https:\/\/www.scarlett-o.de\/sinneswandel\/\" class=\"more-link\"><span class=\"screen-reader-text\">SINNESWANDEL<\/span> weiterlesen<\/a><\/p>\n","protected":false},"author":1,"featured_media":0,"parent":0,"menu_order":0,"comment_status":"closed","ping_status":"open","template":"","meta":{"jetpack_post_was_ever_published":false,"footnotes":""},"class_list":["post-2","page","type-page","status-publish","hentry"],"jetpack_shortlink":"https:\/\/wp.me\/P7bAW9-2","jetpack_sharing_enabled":true,"_links":{"self":[{"href":"https:\/\/www.scarlett-o.de\/sinneswandel\/wp-json\/wp\/v2\/pages\/2","targetHints":{"allow":["GET"]}}],"collection":[{"href":"https:\/\/www.scarlett-o.de\/sinneswandel\/wp-json\/wp\/v2\/pages"}],"about":[{"href":"https:\/\/www.scarlett-o.de\/sinneswandel\/wp-json\/wp\/v2\/types\/page"}],"author":[{"embeddable":true,"href":"https:\/\/www.scarlett-o.de\/sinneswandel\/wp-json\/wp\/v2\/users\/1"}],"replies":[{"embeddable":true,"href":"https:\/\/www.scarlett-o.de\/sinneswandel\/wp-json\/wp\/v2\/comments?post=2"}],"version-history":[{"count":52,"href":"https:\/\/www.scarlett-o.de\/sinneswandel\/wp-json\/wp\/v2\/pages\/2\/revisions"}],"predecessor-version":[{"id":2506,"href":"https:\/\/www.scarlett-o.de\/sinneswandel\/wp-json\/wp\/v2\/pages\/2\/revisions\/2506"}],"wp:attachment":[{"href":"https:\/\/www.scarlett-o.de\/sinneswandel\/wp-json\/wp\/v2\/media?parent=2"}],"curies":[{"name":"wp","href":"https:\/\/api.w.org\/{rel}","templated":true}]}}